{"id":742,"date":"2025-01-06T19:33:48","date_gmt":"2025-01-06T18:33:48","guid":{"rendered":"http:\/\/lebiopretaplanter.fr\/?page_id=742"},"modified":"2026-03-29T19:58:45","modified_gmt":"2026-03-29T17:58:45","slug":"mache","status":"publish","type":"page","link":"http:\/\/lebiopretaplanter.fr\/index.php\/mache\/","title":{"rendered":"M\u00e2che"},"content":{"rendered":"\n<h2 class=\"wp-block-heading has-text-align-center\"><strong>Nos plants de m\u00e2che sont disponibles : de d\u00e9but mars \u00e0 fin avril et de mi septembre \u00e0 fin octobre<\/strong><\/h2>\n\n\n\n<p>Famille : Val\u00e9rianac\u00e9es<br>Nom latin : Valenianella locusta(L.) Laterr.<br>Origine : Europe, en particulier des r\u00e9gions m\u00e9diterran\u00e9ennes<br>Vari\u00e9t\u00e9s produites : gala, verte de Cambrais<\/p>\n\n\n\n<div class=\"wp-block-group is-content-justification-center is-nowrap is-layout-flex wp-container-core-group-is-layout-9193781b wp-block-group-is-layout-flex\">\n<figure class=\"wp-block-image aligncenter size-full is-resized wp-duotone-unset-1\"><img loading=\"lazy\" decoding=\"async\" width=\"602\" height=\"533\" src=\"http:\/\/lebiopretaplanter.fr\/wp-content\/uploads\/2025\/01\/mache-gala.jpg\" alt=\"\" class=\"wp-image-743\" style=\"width:290px;height:auto\" srcset=\"http:\/\/lebiopretaplanter.fr\/wp-content\/uploads\/2025\/01\/mache-gala.jpg 602w, http:\/\/lebiopretaplanter.fr\/wp-content\/uploads\/2025\/01\/mache-gala-300x266.jpg 300w\" sizes=\"auto, (max-width: 602px) 100vw, 602px\" \/><figcaption class=\"wp-element-caption\">M\u00e2che Gala<\/figcaption><\/figure>\n\n\n\n<figure class=\"wp-block-image aligncenter size-full is-resized wp-duotone-unset-2\"><img loading=\"lazy\" decoding=\"async\" width=\"602\" height=\"535\" src=\"http:\/\/lebiopretaplanter.fr\/wp-content\/uploads\/2025\/01\/mache-verte-de-cambrais.jpg\" alt=\"\" class=\"wp-image-744\" style=\"width:290px;height:auto\" srcset=\"http:\/\/lebiopretaplanter.fr\/wp-content\/uploads\/2025\/01\/mache-verte-de-cambrais.jpg 602w, http:\/\/lebiopretaplanter.fr\/wp-content\/uploads\/2025\/01\/mache-verte-de-cambrais-300x267.jpg 300w\" sizes=\"auto, (max-width: 602px) 100vw, 602px\" \/><figcaption class=\"wp-element-caption\">M\u00e2che Verte de Cambrais<\/figcaption><\/figure>\n<\/div>\n\n\n\n<div class=\"wp-block-group is-layout-constrained wp-block-group-is-layout-constrained\">\n<h1 class=\"wp-block-heading has-text-align-left has-primary-color has-background-background-color has-text-color has-background has-link-color wp-elements-c29301dde194d39cc4e41a1617de2c91\" style=\"padding-top:var(--wp--preset--spacing--20);padding-right:var(--wp--preset--spacing--20);padding-bottom:var(--wp--preset--spacing--20);padding-left:var(--wp--preset--spacing--20)\">M\u00e9thode de culture de la m\u00e2che :<\/h1>\n\n\n\n<p>\ud83c\udf31 <strong>Pr\u00e9sentation<\/strong> : La m\u00e2che est une <strong>plante annuelle<\/strong>, \u00e9galement appel\u00e9e \u00ab doucette \u00bb, appr\u00e9ci\u00e9e pour ses petites feuilles tendres au go\u00fbt doux et l\u00e9g\u00e8rement noisette. Elle est id\u00e9ale pour les salades et garnitures fra\u00eeches.<\/p>\n\n\n\n<p>\u2600\ufe0f <strong>Exposition<\/strong> : La m\u00e2che pr\u00e9f\u00e8re une exposition ensoleill\u00e9e \u00e0 mi-ombrag\u00e9e, surtout dans les p\u00e9riodes chaudes pour \u00e9viter la mont\u00e9e en graines rapide.<\/p>\n\n\n\n<p>\ud83c\udf3f <strong>Sol<\/strong> : Elle se d\u00e9veloppe dans un sol fertile, frais, l\u00e9ger et bien drain\u00e9. L\u2019apport de compost bien d\u00e9compos\u00e9 avant la plantation favorise des feuilles tendres et une croissance r\u00e9guli\u00e8re.<\/p>\n\n\n\n<p>\ud83c\udf3e <strong>Plantation<\/strong> : Planter les plants en pleine terre ou en jardini\u00e8re, en espa\u00e7ant les plants de 10 \u00e0 15 cm pour permettre un bon d\u00e9veloppement des feuilles. Espacer les rangs de 20 \u00e0 25 cm.<\/p>\n\n\n\n<p>\ud83d\udca7 <strong>Arrosage<\/strong> : Maintenir le sol l\u00e9g\u00e8rement humide, surtout pendant la croissance, sans exc\u00e8s pour \u00e9viter les maladies racinaires.<\/p>\n\n\n\n<p>\ud83d\udee0\ufe0f <strong>Entretien<\/strong> :<\/p>\n\n\n\n<ul class=\"wp-block-list\">\n<li>Biner et d\u00e9sherber autour des plants<\/li>\n\n\n\n<li>Surveiller l\u2019humidit\u00e9 du sol<\/li>\n\n\n\n<li>Apporter du compost si n\u00e9cessaire<\/li>\n\n\n\n<li>Retirer les feuilles ab\u00eem\u00e9es pour prolonger la production<\/li>\n<\/ul>\n\n\n\n<p>\u2702\ufe0f <strong>R\u00e9colte<\/strong> : R\u00e9colter les feuilles lorsqu\u2019elles sont bien d\u00e9velopp\u00e9es, en pr\u00e9levant les feuilles ext\u00e9rieures pour permettre au c\u0153ur de continuer \u00e0 cro\u00eetre.<\/p>\n\n\n\n<p>\ud83c\udf31 <strong>\u00c0 consommer<\/strong> : La m\u00e2che se consomme crue en salade, garniture ou sandwich. Son go\u00fbt doux et l\u00e9g\u00e8rement noisette s\u2019accorde avec de nombreux assaisonnements.<\/p>\n<\/div>\n","protected":false},"excerpt":{"rendered":"<p>Nos plants de m\u00e2che sont disponibles : de d\u00e9but mars \u00e0 fin avril et de mi septembre \u00e0 fin octobre Famille : Val\u00e9rianac\u00e9esNom latin : Valenianella locusta(L.) Laterr.Origine : Europe, en particulier des r\u00e9gions m\u00e9diterran\u00e9ennesVari\u00e9t\u00e9s produites : gala, verte de Cambrais M\u00e9thode de culture de la m\u00e2che : \ud83c\udf31 Pr\u00e9sentation : La m\u00e2che est une [&hellip;]<\/p>\n","protected":false},"author":1,"featured_media":0,"parent":0,"menu_order":0,"comment_status":"closed","ping_status":"closed","template":"","meta":{"footnotes":""},"class_list":["post-742","page","type-page","status-publish","hentry"],"_links":{"self":[{"href":"http:\/\/lebiopretaplanter.fr\/index.php\/wp-json\/wp\/v2\/pages\/742","targetHints":{"allow":["GET"]}}],"collection":[{"href":"http:\/\/lebiopretaplanter.fr\/index.php\/wp-json\/wp\/v2\/pages"}],"about":[{"href":"http:\/\/lebiopretaplanter.fr\/index.php\/wp-json\/wp\/v2\/types\/page"}],"author":[{"embeddable":true,"href":"http:\/\/lebiopretaplanter.fr\/index.php\/wp-json\/wp\/v2\/users\/1"}],"replies":[{"embeddable":true,"href":"http:\/\/lebiopretaplanter.fr\/index.php\/wp-json\/wp\/v2\/comments?post=742"}],"version-history":[{"count":3,"href":"http:\/\/lebiopretaplanter.fr\/index.php\/wp-json\/wp\/v2\/pages\/742\/revisions"}],"predecessor-version":[{"id":1544,"href":"http:\/\/lebiopretaplanter.fr\/index.php\/wp-json\/wp\/v2\/pages\/742\/revisions\/1544"}],"wp:attachment":[{"href":"http:\/\/lebiopretaplanter.fr\/index.php\/wp-json\/wp\/v2\/media?parent=742"}],"curies":[{"name":"wp","href":"https:\/\/api.w.org\/{rel}","templated":true}]}}