{"id":549,"date":"2024-12-20T17:08:04","date_gmt":"2024-12-20T16:08:04","guid":{"rendered":"http:\/\/lebiopretaplanter.fr\/?page_id=549"},"modified":"2026-03-29T21:56:00","modified_gmt":"2026-03-29T19:56:00","slug":"baselle-epinard-de-malabar","status":"publish","type":"page","link":"http:\/\/lebiopretaplanter.fr\/index.php\/baselle-epinard-de-malabar\/","title":{"rendered":"Baselle, \u00c9pinard de Malabar"},"content":{"rendered":"\n<h2 class=\"wp-block-heading has-text-align-center\"><strong>Nos plants de baselle sont disponibles : de d\u00e9but mai \u00e0 mi juin<\/strong><\/h2>\n\n\n\n<div class=\"wp-block-group is-layout-constrained wp-block-group-is-layout-constrained\">\n<div class=\"wp-block-group is-layout-constrained wp-block-group-is-layout-constrained\">\n<div class=\"wp-block-columns are-vertically-aligned-center has-background-background-color has-background is-layout-flex wp-container-core-columns-is-layout-28f84493 wp-block-columns-is-layout-flex\">\n<div class=\"wp-block-column is-vertically-aligned-center is-layout-flow wp-block-column-is-layout-flow\" style=\"flex-basis:50%\">\n<div class=\"wp-block-group is-layout-constrained wp-block-group-is-layout-constrained\">\n<div class=\"wp-block-group is-layout-constrained wp-block-group-is-layout-constrained\">\n<div class=\"wp-block-columns is-layout-flex wp-container-core-columns-is-layout-28f84493 wp-block-columns-is-layout-flex\">\n<div class=\"wp-block-column is-layout-flow wp-block-column-is-layout-flow\" style=\"flex-basis:100%\">\n<p style=\"border-style:none;border-width:0px\">Famille : Basellac\u00e9es<br>Nom latin : <em><em>B<\/em><\/em>asella alba L.<br>Origine : probablement d&rsquo;Asie du Sud<br>Vari\u00e9t\u00e9s produites : baselle<\/p>\n<\/div>\n<\/div>\n<\/div>\n<\/div>\n<\/div>\n\n\n\n<div class=\"wp-block-column is-vertically-aligned-center is-layout-flow wp-block-column-is-layout-flow\" style=\"flex-basis:50%\">\n<figure class=\"wp-block-image aligncenter size-full is-resized wp-duotone-unset-1\" style=\"margin-right:0;margin-left:0\"><img loading=\"lazy\" decoding=\"async\" width=\"606\" height=\"530\" src=\"http:\/\/lebiopretaplanter.fr\/wp-content\/uploads\/2024\/12\/baselle.jpg\" alt=\"\" class=\"wp-image-550\" style=\"width:291px;height:auto\" srcset=\"http:\/\/lebiopretaplanter.fr\/wp-content\/uploads\/2024\/12\/baselle.jpg 606w, http:\/\/lebiopretaplanter.fr\/wp-content\/uploads\/2024\/12\/baselle-300x262.jpg 300w\" sizes=\"auto, (max-width: 606px) 100vw, 606px\" \/><figcaption class=\"wp-element-caption\">Baselle, \u00e9pinard de Malabar<\/figcaption><\/figure>\n<\/div>\n<\/div>\n<\/div>\n<\/div>\n\n\n\n<h1 class=\"wp-block-heading has-text-align-center has-primary-color has-background-background-color has-text-color has-background has-link-color wp-elements-4b9527bed50b6458a86d1a406a299e78\" style=\"padding-top:var(--wp--preset--spacing--20);padding-bottom:var(--wp--preset--spacing--20)\">Se consomme comme l&rsquo;\u00e9pinard<\/h1>\n\n\n\n<p class=\"has-text-align-center\">Tr\u00e8s riche en vitamines A et C et en oligo-\u00e9l\u00e9ments. Plante tr\u00e8s digeste.<br>Les jeunes pousses sont consomm\u00e9es crues en salade et les plus grandes cuites tout comme nos \u00e9pinards.<\/p>\n\n\n\n<h1 class=\"wp-block-heading has-text-align-left has-primary-color has-background-background-color has-text-color has-background has-link-color wp-elements-eb32498bf4ea3d72db7c3aec6d5d8b97\" style=\"padding-top:var(--wp--preset--spacing--20);padding-right:0;padding-bottom:var(--wp--preset--spacing--20);padding-left:0\">M\u00e9thode de culture de l&rsquo;a Baselle<\/h1>\n\n\n\n<p>\ud83c\udf31 <strong>Pr\u00e9sentation<\/strong> : La baselle est une <strong>plante vivace grimpante<\/strong>, cultiv\u00e9e comme annuelle dans nos jardins pour ses <strong>feuilles tendres et nutritives<\/strong>, tr\u00e8s utilis\u00e9es comme l\u00e9gume vert. Elle est particuli\u00e8rement appr\u00e9ci\u00e9e dans les cuisines asiatiques et africaines. Ses tiges et feuilles sont l\u00e9g\u00e8rement mucilagineuses, ce qui lui conf\u00e8re une texture unique en cuisson.<\/p>\n\n\n\n<p>\u2600\ufe0f <strong>Exposition<\/strong> : Pr\u00e9f\u00e8re une <strong>exposition ensoleill\u00e9e<\/strong>, mais peut tol\u00e9rer une l\u00e9g\u00e8re mi-ombre, surtout par temps tr\u00e8s chaud.<\/p>\n\n\n\n<p>\ud83c\udf3f <strong>Sol<\/strong> : Appr\u00e9cie un sol <strong>fertile, l\u00e9ger, riche en mati\u00e8re organique et bien drain\u00e9<\/strong>. L\u2019ajout de compost ou de fumier bien d\u00e9compos\u00e9 avant la plantation favorise une croissance vigoureuse.<\/p>\n\n\n\n<p>\ud83d\udca7 <strong>Arrosage<\/strong> : Maintenir le sol <strong>humide<\/strong>, sans exc\u00e8s, pour favoriser des feuilles tendres et \u00e9viter le stress hydrique.<\/p>\n\n\n\n<p>\ud83d\udee0\ufe0f <strong>Entretien<\/strong> :<\/p>\n\n\n\n<ul class=\"wp-block-list\">\n<li>Plante grimpante\u202f: pr\u00e9voir un <strong>tuteur ou treillage<\/strong> pour guider la croissance des tiges.<\/li>\n\n\n\n<li>Retirer les feuilles ab\u00eem\u00e9es pour stimuler la production.<\/li>\n\n\n\n<li>Surveiller la mont\u00e9e \u00e0 fleurs si la plante est stress\u00e9e par la chaleur ou le manque d\u2019eau, afin de prolonger la r\u00e9colte des feuilles.<\/li>\n<\/ul>\n\n\n\n<p>\ud83c\udf3e <strong>Plantation<\/strong> : Espacer les plants de <strong>30 \u00e0 40 cm<\/strong>, selon l\u2019espace disponible et la vigueur des tiges.<\/p>\n\n\n\n<p>\u2702\ufe0f <strong>R\u00e9colte<\/strong> : Pr\u00e9lever les <strong>feuilles ext\u00e9rieures au fur et \u00e0 mesure des besoins<\/strong>, en laissant le c\u0153ur produire de nouvelles feuilles. Les tiges peuvent \u00e9galement \u00eatre consomm\u00e9es jeunes et tendres.<\/p>\n\n\n\n<p>\ud83c\udf31 <strong>\u00c0 consommer<\/strong> : Feuilles et jeunes tiges cuites en soupe, saut\u00e9es ou en curry, ou crues dans des salades.<\/p>\n","protected":false},"excerpt":{"rendered":"<p>Nos plants de baselle sont disponibles : de d\u00e9but mai \u00e0 mi juin Famille : Basellac\u00e9esNom latin : Basella alba L.Origine : probablement d&rsquo;Asie du SudVari\u00e9t\u00e9s produites : baselle Se consomme comme l&rsquo;\u00e9pinard Tr\u00e8s riche en vitamines A et C et en oligo-\u00e9l\u00e9ments. Plante tr\u00e8s digeste.Les jeunes pousses sont consomm\u00e9es crues en salade et les [&hellip;]<\/p>\n","protected":false},"author":1,"featured_media":0,"parent":0,"menu_order":0,"comment_status":"closed","ping_status":"closed","template":"","meta":{"footnotes":""},"class_list":["post-549","page","type-page","status-publish","hentry"],"_links":{"self":[{"href":"http:\/\/lebiopretaplanter.fr\/index.php\/wp-json\/wp\/v2\/pages\/549","targetHints":{"allow":["GET"]}}],"collection":[{"href":"http:\/\/lebiopretaplanter.fr\/index.php\/wp-json\/wp\/v2\/pages"}],"about":[{"href":"http:\/\/lebiopretaplanter.fr\/index.php\/wp-json\/wp\/v2\/types\/page"}],"author":[{"embeddable":true,"href":"http:\/\/lebiopretaplanter.fr\/index.php\/wp-json\/wp\/v2\/users\/1"}],"replies":[{"embeddable":true,"href":"http:\/\/lebiopretaplanter.fr\/index.php\/wp-json\/wp\/v2\/comments?post=549"}],"version-history":[{"count":7,"href":"http:\/\/lebiopretaplanter.fr\/index.php\/wp-json\/wp\/v2\/pages\/549\/revisions"}],"predecessor-version":[{"id":1597,"href":"http:\/\/lebiopretaplanter.fr\/index.php\/wp-json\/wp\/v2\/pages\/549\/revisions\/1597"}],"wp:attachment":[{"href":"http:\/\/lebiopretaplanter.fr\/index.php\/wp-json\/wp\/v2\/media?parent=549"}],"curies":[{"name":"wp","href":"https:\/\/api.w.org\/{rel}","templated":true}]}}