{"id":1103,"date":"2025-02-17T19:50:04","date_gmt":"2025-02-17T18:50:04","guid":{"rendered":"http:\/\/lebiopretaplanter.fr\/?page_id=1103"},"modified":"2026-03-29T20:45:20","modified_gmt":"2026-03-29T18:45:20","slug":"fraisiers","status":"publish","type":"page","link":"http:\/\/lebiopretaplanter.fr\/index.php\/fraisiers\/","title":{"rendered":"Fraisier"},"content":{"rendered":"\n<h2 class=\"wp-block-heading has-text-align-center\"><strong>Nos plants de fraisier sont disponibles : \u00e0 partir de d\u00e9but mars<\/strong><\/h2>\n\n\n\n<p>Famille : Rosac\u00e9es<br>Nom latin : <em>Fragaria \u00d7 ananassa Duchesne<\/em><br>Vari\u00e9t\u00e9s produites : mamie, mara des bois, rubis des jardins<\/p>\n\n\n\n<div style=\"height:19px\" aria-hidden=\"true\" class=\"wp-block-spacer\"><\/div>\n\n\n\n<div class=\"wp-block-group is-content-justification-center is-nowrap is-layout-flex wp-container-core-group-is-layout-23441af8 wp-block-group-is-layout-flex\">\n<figure class=\"wp-block-image aligncenter size-full is-resized wp-duotone-unset-1\"><img loading=\"lazy\" decoding=\"async\" width=\"603\" height=\"535\" src=\"http:\/\/lebiopretaplanter.fr\/wp-content\/uploads\/2025\/02\/fraise-mamie.jpg\" alt=\"\" class=\"wp-image-1104\" style=\"width:290px;height:auto\" srcset=\"http:\/\/lebiopretaplanter.fr\/wp-content\/uploads\/2025\/02\/fraise-mamie.jpg 603w, http:\/\/lebiopretaplanter.fr\/wp-content\/uploads\/2025\/02\/fraise-mamie-300x266.jpg 300w\" sizes=\"auto, (max-width: 603px) 100vw, 603px\" \/><figcaption class=\"wp-element-caption\">fraise \u00ab\u00a0Mamie\u00a0\u00bb (de printemps)<\/figcaption><\/figure>\n\n\n\n<figure class=\"wp-block-image aligncenter size-full is-resized wp-duotone-unset-2\"><img loading=\"lazy\" decoding=\"async\" width=\"604\" height=\"535\" src=\"http:\/\/lebiopretaplanter.fr\/wp-content\/uploads\/2025\/02\/fraise-mara-des-bois.jpg\" alt=\"\" class=\"wp-image-1105\" style=\"width:290px;height:auto\" srcset=\"http:\/\/lebiopretaplanter.fr\/wp-content\/uploads\/2025\/02\/fraise-mara-des-bois.jpg 604w, http:\/\/lebiopretaplanter.fr\/wp-content\/uploads\/2025\/02\/fraise-mara-des-bois-300x266.jpg 300w\" sizes=\"auto, (max-width: 604px) 100vw, 604px\" \/><figcaption class=\"wp-element-caption\">fraise \u00ab\u00a0Mara des bois\u00a0\u00bb (remontante)<\/figcaption><\/figure>\n\n\n\n<figure class=\"wp-block-image aligncenter size-full is-resized wp-duotone-unset-3\"><img loading=\"lazy\" decoding=\"async\" width=\"604\" height=\"535\" src=\"http:\/\/lebiopretaplanter.fr\/wp-content\/uploads\/2025\/02\/fraise-rubis-des-jardins.jpg\" alt=\"\" class=\"wp-image-1106\" style=\"width:290px;height:auto\" srcset=\"http:\/\/lebiopretaplanter.fr\/wp-content\/uploads\/2025\/02\/fraise-rubis-des-jardins.jpg 604w, http:\/\/lebiopretaplanter.fr\/wp-content\/uploads\/2025\/02\/fraise-rubis-des-jardins-300x266.jpg 300w\" sizes=\"auto, (max-width: 604px) 100vw, 604px\" \/><figcaption class=\"wp-element-caption\">fraise \u00ab\u00a0Rubis des jardins\u00a0\u00bb (de printemps)<\/figcaption><\/figure>\n<\/div>\n\n\n\n<div class=\"wp-block-group is-layout-constrained wp-block-group-is-layout-constrained\">\n<h1 class=\"wp-block-heading has-text-align-center has-primary-color has-background-background-color has-text-color has-background has-link-color wp-elements-f7f8f4bd735ae554afcf758ceb2a5feb\" style=\"padding-top:0;padding-bottom:0\">Caract\u00e9ristiques des vari\u00e9t\u00e9s :<\/h1>\n\n\n\n<p><strong>Mamie (Obtention Marionnet 1987)<\/strong><br>Gros fruit sucr\u00e9, parfum\u00e9 et ferme. Saveur florale exceptionnelle.<br>Qui a une bonne tenue et se conserve bien.<br>Plant tr\u00e8s productif qui r\u00e9siste bien \u00e0 la chaleur.<br>Peu sensible aux maladies. Attention aux exc\u00e8s d&rsquo;eau.<br>R\u00e9coltes abondantes de fin avril \u00e0 d\u00e9but juillet.<\/p>\n\n\n\n<p><strong>Mara des bois<\/strong><br>Fruit g\u00e9n\u00e9ralement de petit calibre, l\u00e9g\u00e8rement allong\u00e9.<br>Sublime saveur au parfum prononc\u00e9 de fraise des bois.<br>Pr\u00e9cocit\u00e9 \u00e9t\u00e9\/automne, tr\u00e8s bon rendement.<br>R\u00e9coltes \u00e9chelonn\u00e9es mais en faible quantit\u00e9, de fin mai aux gel\u00e9es.<\/p>\n\n\n\n<p><strong>Rubis des jardins<\/strong><br>Fruit court de calibre moyen \u00e0 gros, couleur rubis brillant. Homog\u00e8ne.<br>Chair fondante, tr\u00e8s sucr\u00e9e et d\u00e9licatement acidul\u00e9e. Parfum prononc\u00e9.<br>Vari\u00e9t\u00e9 tr\u00e8s productive, adapt\u00e9 \u00e0 tous les types de sols.<br>R\u00e9coltes abondantes de fin avril \u00e0 d\u00e9but juillet.<\/p>\n\n\n\n<h1 class=\"wp-block-heading has-text-align-left has-primary-color has-background-background-color has-text-color has-background has-link-color wp-elements-d08e4cd593c006209de9b3f8adbfbd77\" style=\"padding-top:var(--wp--preset--spacing--20);padding-right:var(--wp--preset--spacing--20);padding-bottom:var(--wp--preset--spacing--20);padding-left:var(--wp--preset--spacing--20)\">M\u00e9thode de culture des fraises :<\/h1>\n\n\n\n<p>\ud83c\udf31 <strong>Pr\u00e9sentation<\/strong> : Le fraisier est une <strong>plante vivace<\/strong>, cultiv\u00e9e pour ses fruits rouges sucr\u00e9s et parfum\u00e9s. Les vari\u00e9t\u00e9s de printemps produisent une r\u00e9colte unique, tandis que les vari\u00e9t\u00e9s remontantes offrent des fruits tout au long de la saison.<\/p>\n\n\n\n<p>\u2600\ufe0f <strong>Exposition<\/strong> : Le fraisier a besoin de <strong>beaucoup de lumi\u00e8re et d\u2019air<\/strong> pour une bonne fructification. \u00c9vitez les emplacements ombrag\u00e9s et assurez-vous qu\u2019ils n\u2019ont pas accueilli de fraisiers et de pomme de terre depuis au moins 4 ans.<\/p>\n\n\n\n<p>\ud83c\udf3f <strong>Sol<\/strong> : Il pr\u00e9f\u00e8re un sol riche en humus, l\u00e9g\u00e8rement acide \u00e0 neutre (pH 6,5 \u00e0 7,5), bien drain\u00e9 et fertile. Les sols tr\u00e8s calcaires ou constamment humides sont \u00e0 \u00e9viter. Avant la plantation, pr\u00e9parer le terrain par un b\u00eachage approfondi et incorporer une quantit\u00e9 g\u00e9n\u00e9reuse de compost ou de fumier bien d\u00e9compos\u00e9.<\/p>\n\n\n\n<p>\ud83c\udf3e <strong>Plantation<\/strong> :<\/p>\n\n\n\n<ul class=\"wp-block-list\">\n<li>Planter <strong>2 rangs par planche sur\u00e9lev\u00e9e de 20 cm<\/strong>, espac\u00e9s de <strong>40 cm<\/strong>.<\/li>\n\n\n\n<li>Placer chaque plant sur le rang tous les <strong>30 cm<\/strong>.<\/li>\n\n\n\n<li>Laisser <strong>80 cm entre les planches<\/strong> pour faciliter la circulation et l\u2019\u00e9coulement de l\u2019eau.<\/li>\n<\/ul>\n\n\n\n<p>\ud83d\udca7 <strong>Arrosage<\/strong> : Maintenir le sol frais, surtout en p\u00e9riode de formation des fruits, mais \u00e9viter l\u2019humidit\u00e9 stagnante qui peut favoriser les maladies.<\/p>\n\n\n\n<p>\ud83d\udee0\ufe0f <strong>Entretien<\/strong> :<\/p>\n\n\n\n<ul class=\"wp-block-list\">\n<li>Couper r\u00e9guli\u00e8rement les stolons, car ils \u00e9puisent les plants et diminuent la production.<\/li>\n\n\n\n<li>Ne pas h\u00e9siter \u00e0 supprimer les premi\u00e8res fleurs pour stimuler une meilleure production ult\u00e9rieure.<\/li>\n\n\n\n<li>Biner et d\u00e9sherber autour des plants<\/li>\n\n\n\n<li>Apporter du compost si n\u00e9cessaire<\/li>\n\n\n\n<li>Retirer les feuilles ab\u00eem\u00e9es pour favoriser la croissance et la fructification<\/li>\n\n\n\n<li>renouveler la fraiseraie tous les 4ans.<\/li>\n<\/ul>\n\n\n\n<p>\u2702\ufe0f <strong>R\u00e9colte<\/strong> : Les fraises se r\u00e9coltent lorsqu\u2019elles sont bien rouges et parfum\u00e9es, environ 5 \u00e0 6 semaines apr\u00e8s l\u2019apparition du bouton floral. Pour les vari\u00e9t\u00e9s remontantes, cueillir r\u00e9guli\u00e8rement pour prolonger la production.<\/p>\n\n\n\n<p>\ud83c\udf31 <strong>\u00c0 consommer<\/strong> : Les fraises se consomment fra\u00eeches, en desserts, coulis, confitures, smoothies ou salades de fruits. Leur go\u00fbt sucr\u00e9 et parfum\u00e9 en fait un fruit tr\u00e8s appr\u00e9ci\u00e9.<\/p>\n<\/div>\n","protected":false},"excerpt":{"rendered":"<p>Nos plants de fraisier sont disponibles : \u00e0 partir de d\u00e9but mars Famille : Rosac\u00e9esNom latin : Fragaria \u00d7 ananassa DuchesneVari\u00e9t\u00e9s produites : mamie, mara des bois, rubis des jardins Caract\u00e9ristiques des vari\u00e9t\u00e9s : Mamie (Obtention Marionnet 1987)Gros fruit sucr\u00e9, parfum\u00e9 et ferme. Saveur florale exceptionnelle.Qui a une bonne tenue et se conserve bien.Plant tr\u00e8s [&hellip;]<\/p>\n","protected":false},"author":1,"featured_media":0,"parent":0,"menu_order":0,"comment_status":"closed","ping_status":"closed","template":"","meta":{"footnotes":""},"class_list":["post-1103","page","type-page","status-publish","hentry"],"_links":{"self":[{"href":"http:\/\/lebiopretaplanter.fr\/index.php\/wp-json\/wp\/v2\/pages\/1103","targetHints":{"allow":["GET"]}}],"collection":[{"href":"http:\/\/lebiopretaplanter.fr\/index.php\/wp-json\/wp\/v2\/pages"}],"about":[{"href":"http:\/\/lebiopretaplanter.fr\/index.php\/wp-json\/wp\/v2\/types\/page"}],"author":[{"embeddable":true,"href":"http:\/\/lebiopretaplanter.fr\/index.php\/wp-json\/wp\/v2\/users\/1"}],"replies":[{"embeddable":true,"href":"http:\/\/lebiopretaplanter.fr\/index.php\/wp-json\/wp\/v2\/comments?post=1103"}],"version-history":[{"count":7,"href":"http:\/\/lebiopretaplanter.fr\/index.php\/wp-json\/wp\/v2\/pages\/1103\/revisions"}],"predecessor-version":[{"id":1555,"href":"http:\/\/lebiopretaplanter.fr\/index.php\/wp-json\/wp\/v2\/pages\/1103\/revisions\/1555"}],"wp:attachment":[{"href":"http:\/\/lebiopretaplanter.fr\/index.php\/wp-json\/wp\/v2\/media?parent=1103"}],"curies":[{"name":"wp","href":"https:\/\/api.w.org\/{rel}","templated":true}]}}